{"id":244,"date":"2013-06-03T15:48:18","date_gmt":"2013-06-03T13:48:18","guid":{"rendered":"http:\/\/www.pir2.ch\/site\/?page_id=244"},"modified":"2023-06-21T11:17:30","modified_gmt":"2023-06-21T09:17:30","slug":"a-propos","status":"publish","type":"page","link":"https:\/\/www.pir2.ch\/site\/a-propos\/","title":{"rendered":"\u00c0 propos"},"content":{"rendered":"<p>Notre bureau, fond\u00e9 en 1997 par Andr\u00e9 &amp; Ren\u00e9 Ansermet et Pierre-Yves Robatel, est actif dans les domaines de la cr\u00e9ation graphique et de l&rsquo;architecture. Depuis fin 2012, Pierrick Ansermet et Pierre-Yves Robatel sont associ\u00e9s dans l&rsquo;exploitation de la soci\u00e9t\u00e9.<\/p>\n<p>Pour en savoir plus sur nos activit\u00e9s, prenez le temps de parcourir ce site. Il vous dira tout ou presque de nos comp\u00e9tences, de nos activit\u00e9s et vous permettra de d\u00e9couvrir bon nombre de nos r\u00e9alisations.<\/p>\n<h2><strong>Graphisme<\/strong><\/h2>\n<p>De la cr\u00e9ation de votre identit\u00e9 visuelle \u00e0 la production de vos imprim\u00e9s, de la plaquette d&rsquo;entreprise au site web, nous sommes \u00e0 m\u00eame de vous conseiller dans tous les domaines de la communication de votre entreprise ou votre soci\u00e9t\u00e9.<\/p>\n<p>De la conception \u00e0 la r\u00e9alisation, nous assurons le suivi et la coh\u00e9rence tout au long de la cha\u00eene graphique.<\/p>\n<p>Notre collaboration \u00e9troite avec les professionnels dans les domaines des arts graphiques, de la photographie, de l&rsquo;imprimerie, de la r\u00e9alisation publicitaire et des m\u00e9dias garantit une parfaite mise en valeur de votre communication visuelle.<\/p>\n<p>De plus, nous recherchons r\u00e9guli\u00e8rement les meilleurs prix pour vos r\u00e9alisations publicitaires : impression offset ou num\u00e9rique, r\u00e9alisations publicitaires, etc. N&rsquo;h\u00e9sitez pas \u00e0 nous demander une offre globale&#8230;<\/p>\n<h2><strong>Architecture<\/strong><\/h2>\n<p>Nous sommes \u00e0 m\u00eame de vous proposer nos services dans les divers domaines des prestations d&rsquo;architecte, soit :<\/p>\n<p>\u2022 Avant-projets, \u00e9tudes pr\u00e9alables<br \/>\n\u2022 Estimation des co\u00fbts<br \/>\n\u2022 Mise \u00e0 l&rsquo;enqu\u00eate publique<br \/>\n\u2022 Etude de d\u00e9tails, plans d&rsquo;ex\u00e9cution<br \/>\n\u2022 Demandes d&rsquo;offres, soumissions<br \/>\n\u2022 Coordination, suivi des travaux<br \/>\n\u2022 Expertises<br \/>\n\u2022 Certificat \u00e9nerg\u00e9tique cantonal des b\u00e2timents &#8211; <a href=\"https:\/\/www.pir2.ch\/site\/project\/expert-certifie-cecb\/\">CECB\u00a9 et CECB\u00a9 Plus<\/a> &#8211; <a href=\"https:\/\/www.cecb-tool.ch\/fr\/experts\/PierrickAnsermet-5253\" target=\"_blank\" rel=\"noopener noreferrer\">Expert certifi\u00e9<\/a><\/p>\n<p>Notre bureau r\u00e9alise \u00e9galement des travaux de soutraitance pour entreprises g\u00e9n\u00e9rales ou bureaux d&rsquo;architectes, dans les domaines de l&rsquo;imagerie, de la mod\u00e9lisation et des plans d&rsquo;architecte.<\/p>\n<div id=\"attachment_469\" style=\"width: 750px\" class=\"wp-caption alignleft\"><img loading=\"lazy\" decoding=\"async\" aria-describedby=\"caption-attachment-469\" class=\"size-full wp-image-469\" src=\"http:\/\/www.pir2.ch\/site\/wp-content\/uploads\/2013\/06\/bureau1.jpg\" alt=\"Une vue de notre salle de conf\u00e9rence d'\u00e9t\u00e9...\" width=\"740\" height=\"495\" srcset=\"https:\/\/www.pir2.ch\/site\/wp-content\/uploads\/2013\/06\/bureau1.jpg 740w, https:\/\/www.pir2.ch\/site\/wp-content\/uploads\/2013\/06\/bureau1-300x200.jpg 300w, https:\/\/www.pir2.ch\/site\/wp-content\/uploads\/2013\/06\/bureau1-220x147.jpg 220w\" sizes=\"auto, (max-width: 740px) 100vw, 740px\" \/><p id=\"caption-attachment-469\" class=\"wp-caption-text\">Une vue de notre salle de conf\u00e9rence d&rsquo;\u00e9t\u00e9&#8230;<\/p><\/div>\n","protected":false},"excerpt":{"rendered":"<p>Notre bureau, fond\u00e9 en 1997 par Andr\u00e9 &amp; Ren\u00e9 Ansermet et Pierre-Yves Robatel, est actif dans les domaines de la cr\u00e9ation graphique et de l&rsquo;architecture. Depuis fin 2012, Pierrick Ansermet et Pierre-Yves Robatel sont associ\u00e9s dans l&rsquo;exploitation de la soci\u00e9t\u00e9. Pour en savoir plus sur nos activit\u00e9s, prenez le temps de parcourir ce site. Il [&hellip;]<\/p>\n","protected":false},"author":1,"featured_media":0,"parent":0,"menu_order":0,"comment_status":"closed","ping_status":"open","template":"","meta":{"footnotes":""},"class_list":["post-244","page","type-page","status-publish","hentry"],"_links":{"self":[{"href":"https:\/\/www.pir2.ch\/site\/wp-json\/wp\/v2\/pages\/244","targetHints":{"allow":["GET"]}}],"collection":[{"href":"https:\/\/www.pir2.ch\/site\/wp-json\/wp\/v2\/pages"}],"about":[{"href":"https:\/\/www.pir2.ch\/site\/wp-json\/wp\/v2\/types\/page"}],"author":[{"embeddable":true,"href":"https:\/\/www.pir2.ch\/site\/wp-json\/wp\/v2\/users\/1"}],"replies":[{"embeddable":true,"href":"https:\/\/www.pir2.ch\/site\/wp-json\/wp\/v2\/comments?post=244"}],"version-history":[{"count":19,"href":"https:\/\/www.pir2.ch\/site\/wp-json\/wp\/v2\/pages\/244\/revisions"}],"predecessor-version":[{"id":1333,"href":"https:\/\/www.pir2.ch\/site\/wp-json\/wp\/v2\/pages\/244\/revisions\/1333"}],"wp:attachment":[{"href":"https:\/\/www.pir2.ch\/site\/wp-json\/wp\/v2\/media?parent=244"}],"curies":[{"name":"wp","href":"https:\/\/api.w.org\/{rel}","templated":true}]}}